{"id":25239,"date":"2019-11-18T11:50:29","date_gmt":"2019-11-18T09:50:29","guid":{"rendered":"http:\/\/lavanderialapajarita.com\/empresa\/"},"modified":"2020-01-16T17:44:12","modified_gmt":"2020-01-16T15:44:12","slug":"la-compagnie","status":"publish","type":"page","link":"https:\/\/lavanderialapajarita.com\/fr\/la-compagnie\/","title":{"rendered":"La Compagnie"},"content":{"rendered":"<p>[vc_row full_width=\u00a0\u00bbstretch_row_content_no_spaces\u00a0\u00bb css=\u00a0\u00bb.vc_custom_1574844101059{margin-bottom: 0px !important;background-color: #fbfbfb !important;}\u00a0\u00bb][vc_column]<h1 class=\"boc_heading  center  \"  style=\"margin-bottom: 50px;margin-top: 50px;color: #00adef;font-size: 50px;\"><span>RENTING TEXTILE DE QUALIT\u00c9 <\/span><\/h1>[\/vc_column][\/vc_row][vc_row equal_height=\u00a0\u00bbyes\u00a0\u00bb css=\u00a0\u00bb.vc_custom_1574071631455{margin-top: 0px !important;margin-right: 0px !important;margin-bottom: 0px !important;margin-left: 0px !important;padding-top: 60px !important;padding-bottom: 60px !important;}\u00a0\u00bb][vc_column width=\u00a0\u00bb1\/2&Prime; el_class=\u00a0\u00bbequal_height_column white_color\u00a0\u00bb][vc_column_text el_class=\u00a0\u00bbtextgran\u00a0\u00bb]Lavander\u00eda la Pajarita est une blanchisserie qui se trouve \u00e0 Son Castell\u00f3 \u00e0 Palma de Majorque, cr\u00e9\u00e9e en 1963 par Hoteles Mallorquines (actuellement connu comme Meli\u00e0 Hotels Internacional) et pendant ces ann\u00e9es, elle a servi de nombreux h\u00f4tels de l\u2019\u00eele.[\/vc_column_text][\/vc_column][vc_column width=\u00a0\u00bb1\/2&Prime; el_class=\u00a0\u00bbequal_height_column\u00a0\u00bb css=\u00a0\u00bb.vc_custom_1574336593129{background-position: center !important;background-repeat: no-repeat !important;background-size: cover !important;}\u00a0\u00bb][vc_column_text el_class=\u00a0\u00bbtextgran\u00a0\u00bb]Lavander\u00eda La Pajarita fait partie depuis 2014 du groupe Bugaderia Empord\u00e0, fort d\u2019une exp\u00e9rience de plus de 30 ans en sp\u00e9cialisation dans les services de blanchisserie et location de linge pour le secteur h\u00f4telier de haut niveau et qui a gagn\u00e9 la confiance des h\u00f4tels les plus exigeants de la P\u00e9ninsule Ib\u00e9rique.[\/vc_column_text][\/vc_column][\/vc_row][vc_row full_width=\u00a0\u00bbstretch_row_content_no_spaces\u00a0\u00bb css=\u00a0\u00bb.vc_custom_1574848071088{margin-top: 0px !important;margin-bottom: 0px !important;padding-top: 0px !important;padding-bottom: 0px !important;}\u00a0\u00bb][vc_column]\n<div id=\"rev_slider_10_1_wrapper\" class=\"rev_slider_wrapper fullwidthbanner-container\" data-source=\"gallery\" style=\"margin:0px auto;background:transparent;padding:0px;margin-top:0px;margin-bottom:0px;\">\n<!-- START REVOLUTION SLIDER 5.4.8.1 auto mode -->\n\t<div id=\"rev_slider_10_1\" class=\"rev_slider fullwidthabanner\" style=\"display:none;\" data-version=\"5.4.8.1\">\n<ul>\t<!-- SLIDE  -->\n\t<li data-index=\"rs-34\" data-transition=\"fade\" data-slotamount=\"default\" data-hideafterloop=\"0\" data-hideslideonmobile=\"off\"  data-easein=\"default\" data-easeout=\"default\" data-masterspeed=\"300\"  data-rotate=\"0\"  data-saveperformance=\"off\"  data-title=\"Slide\" data-param1=\"\" data-param2=\"\" data-param3=\"\" data-param4=\"\" data-param5=\"\" data-param6=\"\" data-param7=\"\" data-param8=\"\" data-param9=\"\" data-param10=\"\" data-description=\"\">\n\t\t<!-- MAIN IMAGE -->\n\t\t<img src=\"https:\/\/lavanderialapajarita.com\/wp-content\/uploads\/2019\/11\/bugaderia-img-qualitat-slideA-01-1.jpg\"  alt=\"\" title=\"bugaderia-img-qualitat-slideA-01\"  width=\"1200\" height=\"500\" data-bgposition=\"center center\" data-bgfit=\"cover\" data-bgrepeat=\"no-repeat\" class=\"rev-slidebg\" data-no-retina>\n\t\t<!-- LAYERS -->\n\t<\/li>\n<\/ul>\n<div class=\"tp-bannertimer tp-bottom\" style=\"visibility: hidden !important;\"><\/div>\t<\/div>\n<script>var htmlDiv = document.getElementById(\"rs-plugin-settings-inline-css\"); var htmlDivCss=\"\";\n\t\t\t\tif(htmlDiv) {\n\t\t\t\t\thtmlDiv.innerHTML = htmlDiv.innerHTML + htmlDivCss;\n\t\t\t\t}else{\n\t\t\t\t\tvar htmlDiv = document.createElement(\"div\");\n\t\t\t\t\thtmlDiv.innerHTML = \"<style>\" + htmlDivCss + \"<\/style>\";\n\t\t\t\t\tdocument.getElementsByTagName(\"head\")[0].appendChild(htmlDiv.childNodes[0]);\n\t\t\t\t}\n\t\t\t<\/script>\n\t\t<script type=\"text\/javascript\">\nif (setREVStartSize!==undefined) setREVStartSize(\n\t{c: '#rev_slider_10_1', responsiveLevels: [1240,1024,778,480], gridwidth: [1240,1024,778,480], gridheight: [500,450,300,280], sliderLayout: 'auto'});\n\t\t\t\nvar revapi10,\n\ttpj;\t\n(function() {\t\t\t\n\tif (!\/loaded|interactive|complete\/.test(document.readyState)) document.addEventListener(\"DOMContentLoaded\",onLoad); else onLoad();\t\n\tfunction onLoad() {\t\t\t\t\n\t\tif (tpj===undefined) { tpj = jQuery; if(\"off\" == \"on\") tpj.noConflict();}\n\tif(tpj(\"#rev_slider_10_1\").revolution == undefined){\n\t\trevslider_showDoubleJqueryError(\"#rev_slider_10_1\");\n\t}else{\n\t\trevapi10 = tpj(\"#rev_slider_10_1\").show().revolution({\n\t\t\tsliderType:\"standard\",\n\t\t\tjsFileLocation:\"\/\/lavanderialapajarita.com\/wp-content\/plugins\/revslider\/public\/assets\/js\/\",\n\t\t\tsliderLayout:\"auto\",\n\t\t\tdottedOverlay:\"none\",\n\t\t\tdelay:9000,\n\t\t\tnavigation: {\n\t\t\t\tonHoverStop:\"off\",\n\t\t\t},\n\t\t\tresponsiveLevels:[1240,1024,778,480],\n\t\t\tvisibilityLevels:[1240,1024,778,480],\n\t\t\tgridwidth:[1240,1024,778,480],\n\t\t\tgridheight:[500,450,300,280],\n\t\t\tlazyType:\"none\",\n\t\t\tshadow:0,\n\t\t\tspinner:\"spinner0\",\n\t\t\tstopLoop:\"off\",\n\t\t\tstopAfterLoops:-1,\n\t\t\tstopAtSlide:-1,\n\t\t\tshuffle:\"off\",\n\t\t\tautoHeight:\"off\",\n\t\t\tdisableProgressBar:\"on\",\n\t\t\thideThumbsOnMobile:\"off\",\n\t\t\thideSliderAtLimit:0,\n\t\t\thideCaptionAtLimit:0,\n\t\t\thideAllCaptionAtLilmit:0,\n\t\t\tdebugMode:false,\n\t\t\tfallbacks: {\n\t\t\t\tsimplifyAll:\"off\",\n\t\t\t\tnextSlideOnWindowFocus:\"off\",\n\t\t\t\tdisableFocusListener:false,\n\t\t\t}\n\t\t});\n\t}; \/* END OF revapi call *\/\n\t\n }; \/* END OF ON LOAD FUNCTION *\/\n}()); \/* END OF WRAPPING FUNCTION *\/\n<\/script>\n\t\t<\/div><!-- END REVOLUTION SLIDER -->[\/vc_column][\/vc_row][vc_row full_width=\u00a0\u00bbstretch_row_content_no_spaces\u00a0\u00bb css=\u00a0\u00bb.vc_custom_1574076453984{margin-top: 0px !important;margin-bottom: 0px !important;padding-top: 0px !important;padding-bottom: 0px !important;}\u00a0\u00bb][vc_column width=\u00a0\u00bb1\/2&Prime;][vc_single_image alignment=\u00a0\u00bbright\u00a0\u00bb image=\u00a0\u00bb25216&Prime;][\/vc_column][vc_column width=\u00a0\u00bb1\/2&Prime; css=\u00a0\u00bb.vc_custom_1574076892590{padding-top: 70px !important;padding-right: 70px !important;padding-bottom: 70px !important;padding-left: 70px !important;}\u00a0\u00bb]<h2 class=\"boc_heading  al_left  \"  style=\"margin-bottom: 20px;margin-top: 0px;color: #333333;font-size: 40px;\"><span>UnE VISION DU FUTUR POUR UNE NOUVELLE \u00c9TAPE<\/span><\/h2>[vc_column_text]Depuis que Bugaderia Empord\u00e0 a assum\u00e9 la direction de Lavander\u00eda la Pajarita \u00e0 Majorque, d\u2019importants investissements d\u2019am\u00e9lioration ont \u00e9t\u00e9 faits afin de cr\u00e9er une blanchisserie qui saisit avec excellence le niveau d\u2019attente des clients. Les investissements de la nouvelle direction ont eu une influence sur toute l\u2019infrastructure des installations, r\u00e9novant la toiture de fibrociment, les magasins, vestiaires des employ\u00e9s, salles de produits chimiques, la construction de nouveaux quais de chargement pour faciliter l\u2019activit\u00e9\u2026 Toute l\u2019infrastructure \u00e9nerg\u00e9tique a \u00e9galement \u00e9t\u00e9 r\u00e9nov\u00e9e, comme les installations de gaz, d\u2019eau, de vapeur et d\u2019huile, ainsi que le renouvellement de toutes les machines existantes.<\/p>\n<p>Ainsi, en 2014 Lavanderia la Pajarita a d\u00e9but\u00e9 son activit\u00e9 avec tous les \u00e9l\u00e9ments n\u00e9cessaires pour apporter le maximum de qualit\u00e9, service et garantie pour la blanchisserie et la location de linge des h\u00f4tels de Majorque. L\u2019entreprise continue de grandir \u00e0 ce jour et r\u00e9investit en infrastructure et ressources humaines, avec un engagement en mati\u00e8re d\u2019exigence et professionnalisme pour servir la nouvelle demande.<\/p>\n<p>Elle compte actuellement des installations de 6 000 m<sup>2<\/sup> situ\u00e9es \u00e0 5 km du centre de Palma de Majorque.[\/vc_column_text][\/vc_column][\/vc_row][vc_row full_width=\u00a0\u00bbstretch_row\u00a0\u00bb bg_type=\u00a0\u00bbbg_color\u00a0\u00bb enable_overlay=\u00a0\u00bboff\u00a0\u00bb el_class=\u00a0\u00bbwhite_text\u00a0\u00bb css=\u00a0\u00bb.vc_custom_1573808681791{margin-bottom: 0px !important;padding-top: 24px !important;padding-bottom: 20px !important;}\u00a0\u00bb bg_color_value=\u00a0\u00bb#00adef\u00a0\u00bb][vc_column]<div class=\"text_box calltoactionblau box_no_bgr \"><div class=\"text_box_content with_button\"><h2>Souhaitez-vous savoir comment nous pouvons vous aider ?<\/h2>\n\t\t\t\t\t<p><\/p>\n\t\t\t\t<\/div><div class=\"btn_holder\"><a\thref=\"\/fr\/contact\/\" \n\t\t\t\t\tclass=\"button  btn_medium_stretched btn_white btn_circled btn_outline icon_pos_after \"  target='_self'><span>CONTACTEZ-NOUS<\/span> <i class='icon icon icon-angle-right2'><\/i> <\/a><\/div><\/div>[\/vc_column][\/vc_row]<\/p>\n","protected":false},"excerpt":{"rendered":"<p>[vc_row full_width=\u00a0\u00bbstretch_row_content_no_spaces\u00a0\u00bb css=\u00a0\u00bb.vc_custom_1574844101059{margin-bottom: 0px !important;background-color: #fbfbfb !important;}\u00a0\u00bb][vc_column][\/vc_column][\/vc_row][vc_row equal_height=\u00a0\u00bbyes\u00a0\u00bb css=\u00a0\u00bb.vc_custom_1574071631455{margin-top: 0px !important;margin-right: 0px !important;margin-bottom: 0px !important;margin-left: 0px !important;padding-top: 60px !important;padding-bottom: 60px !important;}\u00a0\u00bb][vc_column width=\u00a0\u00bb1\/2&Prime; el_class=\u00a0\u00bbequal_height_column white_color\u00a0\u00bb][vc_column_text el_class=\u00a0\u00bbtextgran\u00a0\u00bb]Lavander\u00eda la Pajarita est une blanchisserie qui se trouve \u00e0 Son Castell\u00f3 \u00e0 Palma de Majorque, cr\u00e9\u00e9e en 1963 par Hoteles Mallorquines (actuellement connu comme Meli\u00e0 Hotels Internacional) et pendant ces ann\u00e9es, elle a servi de<\/p>\n<div class=\"h10\"><\/div>\n<p><a class=\"more-link2 flat\" href=\"https:\/\/lavanderialapajarita.com\/fr\/la-compagnie\/\">Read more<\/a><\/p>\n","protected":false},"author":1,"featured_media":0,"parent":0,"menu_order":8,"comment_status":"open","ping_status":"closed","template":"","meta":[],"_links":{"self":[{"href":"https:\/\/lavanderialapajarita.com\/fr\/wp-json\/wp\/v2\/pages\/25239"}],"collection":[{"href":"https:\/\/lavanderialapajarita.com\/fr\/wp-json\/wp\/v2\/pages"}],"about":[{"href":"https:\/\/lavanderialapajarita.com\/fr\/wp-json\/wp\/v2\/types\/page"}],"author":[{"embeddable":true,"href":"https:\/\/lavanderialapajarita.com\/fr\/wp-json\/wp\/v2\/users\/1"}],"replies":[{"embeddable":true,"href":"https:\/\/lavanderialapajarita.com\/fr\/wp-json\/wp\/v2\/comments?post=25239"}],"version-history":[{"count":4,"href":"https:\/\/lavanderialapajarita.com\/fr\/wp-json\/wp\/v2\/pages\/25239\/revisions"}],"predecessor-version":[{"id":25363,"href":"https:\/\/lavanderialapajarita.com\/fr\/wp-json\/wp\/v2\/pages\/25239\/revisions\/25363"}],"wp:attachment":[{"href":"https:\/\/lavanderialapajarita.com\/fr\/wp-json\/wp\/v2\/media?parent=25239"}],"curies":[{"name":"wp","href":"https:\/\/api.w.org\/{rel}","templated":true}]}}