{"id":23949,"date":"2019-11-19T13:44:09","date_gmt":"2019-11-19T11:44:09","guid":{"rendered":"http:\/\/bugaderiaemporda.efimatica.com\/?page_id=23949"},"modified":"2020-01-17T18:07:58","modified_gmt":"2020-01-17T16:07:58","slug":"qualitat","status":"publish","type":"page","link":"https:\/\/lavanderialapajarita.com\/ca\/qualitat\/","title":{"rendered":"Qualitat"},"content":{"rendered":"<p>[vc_row full_width=&#8221;stretch_row_content_no_spaces&#8221; css=&#8221;.vc_custom_1574844257157{margin-bottom: 0px !important;background-color: #fbfbfb !important;}&#8221;][vc_column]<h1 class=\"boc_heading  center  \"  style=\"margin-bottom: 50px;margin-top: 50px;color: #00adef;font-size: 50px;\"><span>LA NOSTRA ESPECIALITZACI\u00d3<\/span><\/h1>[\/vc_column][\/vc_row][vc_row full_width=&#8221;stretch_row_content_no_spaces&#8221; css=&#8221;.vc_custom_1574154667761{margin-top: 0px !important;margin-bottom: 0px !important;padding-top: 0px !important;padding-bottom: 0px !important;}&#8221;][vc_column][\/vc_column][\/vc_row][vc_row full_width=&#8221;stretch_row_content_no_spaces&#8221; equal_height=&#8221;yes&#8221; css=&#8221;.vc_custom_1574253718961{margin-top: 0px !important;margin-right: 0px !important;margin-bottom: 0px !important;margin-left: 0px !important;padding-top: 0px !important;padding-bottom: 0px !important;}&#8221;][vc_column width=&#8221;2\/3&#8243; el_class=&#8221;equal_height_column white_color&#8221;][vc_row_inner][vc_column_inner css=&#8221;.vc_custom_1574253995004{padding-top: 11% !important;padding-right: 18% !important;padding-bottom: 11% !important;padding-left: 18% !important;}&#8221;]<h2 class=\"boc_heading  al_left  \"  style=\"margin-bottom: 20px;margin-top: 0px;color: #333333;font-size: 30px;\"><span>TECNOLOGIA I EQUIPAMENTS CAPDAVANTERS<\/span><\/h2>[vc_column_text]Al llarg de la nostra traject\u00f2ria i successives ampliacions d&#8217;equipament hem apostat sempre per la maquin\u00e0ria de les millors marques europees i nacionals del sector, com ara Kannegiesser, Jensen o Girbau.<\/p>\n<p>Per tal de garantir el servei disposem d\u2019alternador propi de 880 Kva i la nostra tecnologia ens permet assegurar que som una de les bugaderies energ\u00e8ticament m\u00e9s eficients amb un aprofitament demostrable del 90% del calor generat mitjan\u00e7ant intercanviadors de calor.[\/vc_column_text][\/vc_column_inner][\/vc_row_inner][\/vc_column][vc_column width=&#8221;1\/3&#8243; el_class=&#8221;equal_height_column alturaminima&#8221; css=&#8221;.vc_custom_1579277272964{background-image: url(https:\/\/lavanderialapajarita.com\/wp-content\/uploads\/2020\/01\/pajarita-img-qualitat-slideC-01-1.jpg?id=25477) !important;background-position: center !important;background-repeat: no-repeat !important;background-size: cover !important;}&#8221;][\/vc_column][\/vc_row][vc_row full_width=&#8221;stretch_row&#8221; css=&#8221;.vc_custom_1574850584608{margin-top: 0px !important;margin-bottom: 0px !important;padding-top: 80px !important;padding-bottom: 80px !important;background-color: #fbfbfb !important;}&#8221;][vc_column]\n\t\t<!--New Tabs-->\n\t\t<div class=\"newtabs clearfix vertical  minimal_style\">\n\t\t\t<ul class=\"resp-tabs-list\">\n\t\t\t<\/ul>\n\t\t\t<div class=\"resp-tabs-container\">\n\t\t<div class=\"single_tab_div\" rel-title=\"Rentat i assecat\" rel-icon=\"\">[vc_row_inner][vc_column_inner width=&#8221;1\/2&#8243;]<h2 class=\"boc_heading  al_left  \"  style=\"margin-bottom: 20px;margin-top: 0px;color: #00adef;\"><span>RENTAT I ASSECAT<\/span><\/h2>[vc_column_text]Per al proc\u00e9s de rentat i assecat disposem de l&#8217;equipament necessari per a produir fins a 4.500 Kg\/h que inclou:[\/vc_column_text]<div class=\"boc_list_item  \" >\n\t\t\t\t\t<span class=\"li_icon normal \" style=\"\"><i class=\"icon icon-check2\" style=\"\"><\/i><\/span>\n\t\t\t\t\t<div class=\"boc_list_item_text normal\">3 t\u00fanels de rentat amb 52 m\u00f2duls en total<\/div>\n\t\t\t\t   <\/div><div class=\"boc_list_item  \" >\n\t\t\t\t\t<span class=\"li_icon normal \" style=\"\"><i class=\"icon icon-check2\" style=\"\"><\/i><\/span>\n\t\t\t\t\t<div class=\"boc_list_item_text normal\">14 assecadores amb diverses capacitats<\/div>\n\t\t\t\t   <\/div><div class=\"boc_list_item  \" >\n\t\t\t\t\t<span class=\"li_icon normal \" style=\"\"><i class=\"icon icon-check2\" style=\"\"><\/i><\/span>\n\t\t\t\t\t<div class=\"boc_list_item_text normal\">4 rentadores amb diverses capacitats (50,22 i 17kgs)<\/div>\n\t\t\t\t   <\/div><div class=\"boc_spacing \" style=\"height: 20px\"><\/div>[\/vc_column_inner][vc_column_inner width=&#8221;1\/2&#8243;][vc_single_image alignment=&#8221;center&#8221; image=&#8221;23956&#8243;]<div class=\"boc_spacing \" style=\"height: 20px\"><\/div>[\/vc_column_inner][\/vc_row_inner]<\/div><div class=\"single_tab_div\" rel-title=\"Planxat i plegat\" rel-icon=\"\">[vc_row_inner][vc_column_inner width=&#8221;1\/2&#8243;]<h2 class=\"boc_heading  al_left  \"  style=\"margin-bottom: 20px;margin-top: 0px;color: #00adef;\"><span>PLANXAT I PLEGAT<\/span><\/h2>[vc_column_text]Utilitzem maquin\u00e0ria d\u2019\u00faltima generaci\u00f3 per obtenir la m\u00e0xima efic\u00e0cia i el m\u00e0xim respecte al medi ambient en els processos de planxat i plegat dels llen\u00e7ols,<br \/>\nfundes, n\u00f2rdics i tovalloles fins a 5.000 Kg\/h:[\/vc_column_text]<div class=\"boc_list_item  \" >\n\t\t\t\t\t<span class=\"li_icon normal \" style=\"\"><i class=\"icon icon-check2\" style=\"\"><\/i><\/span>\n\t\t\t\t\t<div class=\"boc_list_item_text normal\">7 calandres d\u2019\u00faltima generaci\u00f3<\/div>\n\t\t\t\t   <\/div><div class=\"boc_list_item  \" >\n\t\t\t\t\t<span class=\"li_icon normal \" style=\"\"><i class=\"icon icon-check2\" style=\"\"><\/i><\/span>\n\t\t\t\t\t<div class=\"boc_list_item_text normal\">Calandres Kannegiesser d\u2019alt rendiment i baix consum energ\u00e8tic juntament amb plegadores Pizzardi d\u2019alta qualitat<\/div>\n\t\t\t\t   <\/div><div class=\"boc_list_item  \" >\n\t\t\t\t\t<span class=\"li_icon normal \" style=\"\"><i class=\"icon icon-check2\" style=\"\"><\/i><\/span>\n\t\t\t\t\t<div class=\"boc_list_item_text normal\">12 plegadores de tovalloles amb capacitat de producci\u00f3 de 6.000u\/h<\/div>\n\t\t\t\t   <\/div><div class=\"boc_spacing \" style=\"height: 20px\"><\/div>[\/vc_column_inner][vc_column_inner width=&#8221;1\/2&#8243;][vc_single_image alignment=&#8221;center&#8221; image=&#8221;23957&#8243;]<div class=\"boc_spacing \" style=\"height: 20px\"><\/div>[\/vc_column_inner][\/vc_row_inner]<\/div><div class=\"single_tab_div\" rel-title=\"Complements al rentat\" rel-icon=\"\">[vc_row_inner][vc_column_inner width=&#8221;1\/2&#8243;]<h2 class=\"boc_heading  al_left  \"  style=\"margin-bottom: 20px;margin-top: 0px;color: #00adef;\"><span>COMPLEMENTS AL RENTAT<\/span><\/h2>[vc_column_text]Per completar el proc\u00e9s de rentat disposem de:[\/vc_column_text]<div class=\"boc_list_item  \" >\n\t\t\t\t\t<span class=\"li_icon normal \" style=\"\"><i class=\"icon icon-check2\" style=\"\"><\/i><\/span>\n\t\t\t\t\t<div class=\"boc_list_item_text normal\">3 empaquetadores<\/div>\n\t\t\t\t   <\/div><div class=\"boc_list_item  \" >\n\t\t\t\t\t<span class=\"li_icon normal \" style=\"\"><i class=\"icon icon-check2\" style=\"\"><\/i><\/span>\n\t\t\t\t\t<div class=\"boc_list_item_text normal\">2 calderes de vapor amb m\u00faltiples recuperadors de calor<\/div>\n\t\t\t\t   <\/div><div class=\"boc_list_item  \" >\n\t\t\t\t\t<span class=\"li_icon normal \" style=\"\"><i class=\"icon icon-check2\" style=\"\"><\/i><\/span>\n\t\t\t\t\t<div class=\"boc_list_item_text normal\">3 compressors d\u2019aire tot per duplicat per evitar parades en cas d&#8217;averia<\/div>\n\t\t\t\t   <\/div><div class=\"boc_spacing \" style=\"height: 20px\"><\/div>[\/vc_column_inner][vc_column_inner width=&#8221;1\/2&#8243;][vc_single_image alignment=&#8221;center&#8221; image=&#8221;23958&#8243;]<div class=\"boc_spacing \" style=\"height: 20px\"><\/div>[\/vc_column_inner][\/vc_row_inner]<\/div><\/div>\n\t\t\t\t<\/div>[\/vc_column][\/vc_row][vc_row full_width=&#8221;stretch_row&#8221; equal_height=&#8221;yes&#8221; bg_type=&#8221;image&#8221; parallax_style=&#8221;vcpb-vz-jquery&#8221; bg_image_new=&#8221;23819&#8243; bg_image_repeat=&#8221;no-repeat&#8221; parallax_sense=&#8221;40&#8243; disable_on_mobile_img_parallax=&#8221;off&#8221; el_class=&#8221;no_text_transform&#8221; css=&#8221;.vc_custom_1574175271366{margin-bottom: 0px !important;padding-top: 80px !important;padding-bottom: 80px !important;}&#8221;][vc_column][vc_row_inner css=&#8221;.vc_custom_1574179472805{margin-top: 0px !important;margin-right: 0px !important;margin-bottom: 0px !important;margin-left: 0px !important;padding-top: 32px !important;padding-right: 32px !important;padding-bottom: 32px !important;padding-left: 32px !important;background-color: rgba(255,255,255,0.7) !important;*background-color: rgb(255,255,255) !important;}&#8221;][vc_column_inner width=&#8221;2\/3&#8243; css=&#8221;.vc_custom_1574179414780{margin-right: 0px !important;margin-left: 0px !important;}&#8221;]<div class=\"boc_spacing \" style=\"height: 30px\"><\/div><h2 class=\"boc_heading  al_left  \"  style=\"margin-bottom: 20px;margin-top: 0px;color: #333;\"><span>ELS MILLORS PROVE\u00cfDORS T\u00c8XTILS<\/span><\/h2>[vc_column_text]L&#8217;origen i la selecci\u00f3 del t\u00e8xtil que proporcionem als nostres clients del servei de lloguer s\u00f3n claus a l&#8217;hora de garantir llen\u00e7ols, fundes de coix\u00ed, quadrants, n\u00f2rdics i v\u00e0noves de m\u00e0xima qualitat.<\/p>\n<p>Disposem de llen\u00e7ols de diverses gammes:<br \/>\nEls nostres llen\u00e7ols estandards s\u00f3n de cot\u00f3 100%, pentinat, de fils fins, 32 de trama i 31 d&#8217;ordit, amb acabats merceritzats que garanteixen un confort al tacte molt bo.<br \/>\nDisposem d\u2019una gamma superior tamb\u00e9 en cot\u00f3 100%, pentinat, de fils fins 35 de trama i 45 d&#8217;ordit, amb un tacte excel\u00b7lent i una gamma extra de cot\u00f3, de 300 fils amb una suavitat al tacte excepcional. A m\u00e9s oferim una gamma de Gran Luxe des de 600 fins a 1.000 fils.<\/p>\n<p>Comptem amb els millors prove\u00efdors.[\/vc_column_text]<div class=\"boc_spacing \" style=\"height: 20px\"><\/div>[\/vc_column_inner][vc_column_inner width=&#8221;1\/3&#8243; css=&#8221;.vc_custom_1574844319139{margin-right: 0px !important;margin-left: 0px !important;border-left-width: 0px !important;border-left-color: #ffffff !important;border-left-style: solid !important;}&#8221;]<div class=\"boc_spacing \" style=\"height: 30px\"><\/div>[vc_single_image alignment=&#8221;center&#8221; image=&#8221;23964&#8243;]<div class=\"boc_spacing \" style=\"height: 20px\"><\/div>[\/vc_column_inner][\/vc_row_inner][\/vc_column][\/vc_row][vc_row full_width=&#8221;stretch_row&#8221; bg_type=&#8221;bg_color&#8221; enable_overlay=&#8221;off&#8221; el_class=&#8221;white_text&#8221; css=&#8221;.vc_custom_1573808681791{margin-bottom: 0px !important;padding-top: 24px !important;padding-bottom: 20px !important;}&#8221; bg_color_value=&#8221;#00adef&#8221;][vc_column]<div class=\"text_box calltoactionblau box_no_bgr \"><div class=\"text_box_content with_button\"><h2>Vols saber m\u00e9s sobre la qualitat dels nostres productes i serveis?<\/h2>\n\t\t\t\t\t<p><\/p>\n\t\t\t\t<\/div><div class=\"btn_holder\"><a\thref=\"\/contacte\" \n\t\t\t\t\tclass=\"button  btn_medium_stretched btn_white btn_circled btn_outline icon_pos_after \"  target='_self'><span>CONTACTA'NS<\/span> <i class='icon icon icon-angle-right2'><\/i> <\/a><\/div><\/div>[\/vc_column][\/vc_row]<\/p>\n","protected":false},"excerpt":{"rendered":"<p>[vc_row full_width=&#8221;stretch_row_content_no_spaces&#8221; css=&#8221;.vc_custom_1574844257157{margin-bottom: 0px !important;background-color: #fbfbfb !important;}&#8221;][vc_column][\/vc_column][\/vc_row][vc_row full_width=&#8221;stretch_row_content_no_spaces&#8221; css=&#8221;.vc_custom_1574154667761{margin-top: 0px !important;margin-bottom: 0px !important;padding-top: 0px !important;padding-bottom: 0px !important;}&#8221;][vc_column][\/vc_column][\/vc_row][vc_row full_width=&#8221;stretch_row_content_no_spaces&#8221; equal_height=&#8221;yes&#8221; css=&#8221;.vc_custom_1574253718961{margin-top: 0px !important;margin-right: 0px !important;margin-bottom: 0px !important;margin-left: 0px !important;padding-top: 0px !important;padding-bottom: 0px !important;}&#8221;][vc_column width=&#8221;2\/3&#8243; el_class=&#8221;equal_height_column white_color&#8221;][vc_row_inner][vc_column_inner css=&#8221;.vc_custom_1574253995004{padding-top: 11% !important;padding-right: 18% !important;padding-bottom: 11% !important;padding-left: 18% !important;}&#8221;][vc_column_text]Al llarg de la nostra traject\u00f2ria i successives ampliacions d&#8217;equipament hem apostat sempre per la maquin\u00e0ria de<\/p>\n<div class=\"h10\"><\/div>\n<p><a class=\"more-link2 flat\" href=\"https:\/\/lavanderialapajarita.com\/ca\/qualitat\/\">Read more<\/a><\/p>\n","protected":false},"author":1,"featured_media":0,"parent":0,"menu_order":24,"comment_status":"open","ping_status":"closed","template":"","meta":[],"_links":{"self":[{"href":"https:\/\/lavanderialapajarita.com\/ca\/wp-json\/wp\/v2\/pages\/23949"}],"collection":[{"href":"https:\/\/lavanderialapajarita.com\/ca\/wp-json\/wp\/v2\/pages"}],"about":[{"href":"https:\/\/lavanderialapajarita.com\/ca\/wp-json\/wp\/v2\/types\/page"}],"author":[{"embeddable":true,"href":"https:\/\/lavanderialapajarita.com\/ca\/wp-json\/wp\/v2\/users\/1"}],"replies":[{"embeddable":true,"href":"https:\/\/lavanderialapajarita.com\/ca\/wp-json\/wp\/v2\/comments?post=23949"}],"version-history":[{"count":29,"href":"https:\/\/lavanderialapajarita.com\/ca\/wp-json\/wp\/v2\/pages\/23949\/revisions"}],"predecessor-version":[{"id":25481,"href":"https:\/\/lavanderialapajarita.com\/ca\/wp-json\/wp\/v2\/pages\/23949\/revisions\/25481"}],"wp:attachment":[{"href":"https:\/\/lavanderialapajarita.com\/ca\/wp-json\/wp\/v2\/media?parent=23949"}],"curies":[{"name":"wp","href":"https:\/\/api.w.org\/{rel}","templated":true}]}}